{"id":34108,"date":"2021-01-07T16:27:00","date_gmt":"2021-01-07T19:27:00","guid":{"rendered":"https:\/\/www.inet.edu.ar\/?page_id=34108"},"modified":"2024-03-08T12:45:25","modified_gmt":"2024-03-08T15:45:25","slug":"encuentros-federales","status":"publish","type":"page","link":"https:\/\/www.inet.edu.ar\/index.php\/pronafe\/que-es-pronafe\/encuentros-federales\/","title":{"rendered":"Encuentros Federales"},"content":{"rendered":"<p>Durante los a\u00f1os de existencia del Programa, de manera anual se han realizado <strong>Encuentros Federales PRONAFE<\/strong> con los directivos, docentes y alumnos de los Institutos Superiores de Enfermer\u00eda, los referentes t\u00e9cnicos del PRONAFE y, en funci\u00f3n de las necesidades planteadas han participado Ministros nacionales y provinciales, autoridades del Ministerio de Educaci\u00f3n de la Naci\u00f3n, invitados especiales tanto de salud como de educaci\u00f3n seg\u00fan la tem\u00e1tica.<\/p>\n<p>Los encuentros tienen toda una agenda de capacitaci\u00f3n y asistencia t\u00e9cnica hacia los directivos y funcionan como \u00e1mbito de trabajo en red y debate de los cursos de acci\u00f3n del PROGRAMA.<\/p>\n<p>Los temarios han consistido en:<\/p>\n<ul>\n<li>Situaci\u00f3n actual y nuevos desaf\u00edos PRONAFE.<\/li>\n<li>Videoconferencias con expertos de otros pa\u00edses.<\/li>\n<li>Formaci\u00f3n Continua de Enfermer\u00eda.<\/li>\n<li>Inserci\u00f3n curricular de Simulaci\u00f3n Cl\u00ednica en escuelas superiores t\u00e9cnicas y universidades.<\/li>\n<li>Presentaci\u00f3n de resultados de estudios cient\u00edficos sobre Enfermer\u00eda.<\/li>\n<li>Trayectorias educativas en Enfermer\u00eda: Avances y metas de cada a\u00f1o.<\/li>\n<li>Din\u00e1mica grupal de trabajo por regiones.<\/li>\n<li>Exposiciones por grupos de los trabajos que han realizado en equipo en el encuentro.<\/li>\n<li>Se estudia el desarrollo de Becas Progresar PRONAFE.<\/li>\n<li>Pr\u00e1cticas Profesionalizantes.<\/li>\n<\/ul>\n<p>Cabe destacar que, en el mes de octubre del a\u00f1o 2019, precedi\u00f3 uno de los encuentros la Presidenta del Consejo Internacional de Enfermer\u00eda, la Lic. Annette Kennedy quien, en su primera y \u00fanica visita a la Argentina, eligi\u00f3 al INET (en reconocimiento a la labor desarrollada por el PRONAFE) para realizar su conferencia Central en el lanzamiento del A\u00f1o Internacional de la Enfermer\u00eda.<\/p>\n<p><strong>Asimismo, durante 2023 se desarroll\u00f3 el Encuentro, una Jornada Institucional que permiti\u00f3 que, de forma virtual, m\u00e1s de 10.000 estudiantes de todo el pa\u00eds para discutir las l\u00edneas de acci\u00f3n a futuro del PRONAFE.\u00a0 <\/strong><\/p>\n","protected":false},"excerpt":{"rendered":"<p>Durante los a\u00f1os de existencia del Programa, de manera anual se han realizado Encuentros Federales PRONAFE con los directivos, docentes y alumnos de los Institutos Superiores de Enfermer\u00eda, los referentes t\u00e9cnicos del PRONAFE y, en funci\u00f3n de las necesidades planteadas han participado Ministros nacionales y provinciales, autoridades del Ministerio de Educaci\u00f3n de la Naci\u00f3n, invitados [&hellip;]<\/p>\n","protected":false},"author":3,"featured_media":0,"parent":34018,"menu_order":3,"comment_status":"closed","ping_status":"closed","template":"","meta":{"footnotes":""},"class_list":["post-34108","page","type-page","status-publish","hentry"],"_links":{"self":[{"href":"https:\/\/www.inet.edu.ar\/index.php\/wp-json\/wp\/v2\/pages\/34108","targetHints":{"allow":["GET"]}}],"collection":[{"href":"https:\/\/www.inet.edu.ar\/index.php\/wp-json\/wp\/v2\/pages"}],"about":[{"href":"https:\/\/www.inet.edu.ar\/index.php\/wp-json\/wp\/v2\/types\/page"}],"author":[{"embeddable":true,"href":"https:\/\/www.inet.edu.ar\/index.php\/wp-json\/wp\/v2\/users\/3"}],"replies":[{"embeddable":true,"href":"https:\/\/www.inet.edu.ar\/index.php\/wp-json\/wp\/v2\/comments?post=34108"}],"version-history":[{"count":2,"href":"https:\/\/www.inet.edu.ar\/index.php\/wp-json\/wp\/v2\/pages\/34108\/revisions"}],"predecessor-version":[{"id":39047,"href":"https:\/\/www.inet.edu.ar\/index.php\/wp-json\/wp\/v2\/pages\/34108\/revisions\/39047"}],"up":[{"embeddable":true,"href":"https:\/\/www.inet.edu.ar\/index.php\/wp-json\/wp\/v2\/pages\/34018"}],"wp:attachment":[{"href":"https:\/\/www.inet.edu.ar\/index.php\/wp-json\/wp\/v2\/media?parent=34108"}],"curies":[{"name":"wp","href":"https:\/\/api.w.org\/{rel}","templated":true}]}}